{"id":991,"date":"2023-12-14T13:53:12","date_gmt":"2023-12-14T16:53:12","guid":{"rendered":"https:\/\/colegionocedal.cl\/alumni\/?page_id=991"},"modified":"2024-11-26T13:14:14","modified_gmt":"2024-11-26T16:14:14","slug":"que-queremos","status":"publish","type":"page","link":"https:\/\/colegionocedal.cl\/alumni\/que-queremos\/","title":{"rendered":"\u00bfQu\u00e9 queremos?"},"content":{"rendered":"\t\t<div data-elementor-type=\"wp-page\" data-elementor-id=\"991\" class=\"elementor elementor-991\">\n\t\t\t\t\t\t<section class=\"elementor-section elementor-top-section elementor-element elementor-element-bed7784 elementor-section-full_width elementor-section-height-default elementor-section-height-default\" data-id=\"bed7784\" data-element_type=\"section\" data-e-type=\"section\">\n\t\t\t\t\t\t<div class=\"elementor-container elementor-column-gap-no\">\n\t\t\t\t\t<div class=\"elementor-column elementor-col-100 elementor-top-column elementor-element elementor-element-6e44773\" data-id=\"6e44773\" data-element_type=\"column\" data-e-type=\"column\">\n\t\t\t<div class=\"elementor-widget-wrap elementor-element-populated\">\n\t\t\t\t\t\t<div class=\"elementor-element elementor-element-184b4f9 elementor-align-left elementor-widget elementor-widget-bdevs-page-banner\" data-id=\"184b4f9\" data-element_type=\"widget\" data-e-type=\"widget\" data-widget_type=\"bdevs-page-banner.default\">\n\t\t\t\t<div class=\"elementor-widget-container\">\n\t\t\t\t\t  \r\n    <!-- Start Banner -->\r\n    <div class=\"inner-banner blog\">\r\n        <div class=\"container\">\r\n            <div class=\"row\">\r\n                <div class=\"col-sm-12\">\r\n                    <div class=\"content\">\r\n                                                <h1>\u00bfQu\u00e9 queremos?<\/h1>\r\n                                                                        <p><\/p>\r\n                                            <\/div>\r\n                <\/div>\r\n            <\/div>\r\n        <\/div>\r\n    <\/div>\r\n    <!-- End Banner --> \r\n    \t\t\t\t<\/div>\n\t\t\t\t<\/div>\n\t\t\t\t\t<\/div>\n\t\t<\/div>\n\t\t\t\t\t<\/div>\n\t\t<\/section>\n\t\t\t\t<section class=\"elementor-section elementor-top-section elementor-element elementor-element-3369cb2 elementor-section-full_width elementor-section-height-default elementor-section-height-default\" data-id=\"3369cb2\" data-element_type=\"section\" data-e-type=\"section\">\n\t\t\t\t\t\t<div class=\"elementor-container elementor-column-gap-no\">\n\t\t\t\t\t<div class=\"elementor-column elementor-col-100 elementor-top-column elementor-element elementor-element-5f0e0e5\" data-id=\"5f0e0e5\" data-element_type=\"column\" data-e-type=\"column\">\n\t\t\t<div class=\"elementor-widget-wrap elementor-element-populated\">\n\t\t\t\t\t\t<div class=\"elementor-element elementor-element-43e20a7 elementor-align-left elementor-widget elementor-widget-bdevs-who-we-are\" data-id=\"43e20a7\" data-element_type=\"widget\" data-e-type=\"widget\" data-widget_type=\"bdevs-who-we-are.default\">\n\t\t\t\t<div class=\"elementor-widget-container\">\n\t\t\t\t\t  \r\n    <!-- Start About -->\r\n    <section class=\"about inner padding-lg\">\r\n        <div class=\"container\">\r\n            <div class=\"row\">\r\n                <div class=\"col-md-7 left-block\">\r\n                                        <h2><\/h2>\r\n                                                            <p>Somos una Asociaci\u00f3n compuesta por exalumnos del Colegio Nocedal. Tenemos como objeto impulsar iniciativas que proyecten y difundan el sello del Establecimiento, entre los exalumnos del Colegio y sus familias. <br \/>\n<br \/>\nPara esto promovemos condiciones y oportunidades para estrechar lazos de compa\u00f1erismo y buena convivencia entre los asociados. A trav\u00e9s de intereses culturales, deportivos y profesionales fortaleceremos estos v\u00ednculo. Tambi\u00e9n fomentando el Esp\u00edritu del Colegio a partir de iniciativas solidarias, culturales, sociales, espirituales, deportivas, de emprendimiento y de cualquier otra naturaleza, de acuerdo a nuestros estatutos. <br \/>\n<br \/>\n\nEl sello y los valores del Colegio Nocedal, que inspira el Esp\u00edritu del Colegio, considera entre otros, la profesi\u00f3n de la fe cat\u00f3lica, sin excluir ninguna otra religi\u00f3n, el respeto y la promoci\u00f3n de la familia, el trabajo bien hecho y su santificaci\u00f3n, la libertad personal y responsabilidad en el actuar individual, la colaboraci\u00f3n y servicio a los dem\u00e1s, el servicio en favor de la sociedad, y todo lo anterior a partir de las ense\u00f1anzas de San Josemar\u00eda Escriv\u00e1 de Balaguer.<\/p> \r\n                                    <\/div>\r\n                                <div class=\"col-md-5 about-right\"> <img decoding=\"async\" src=\"https:\/\/colegionocedal.cl\/alumni\/wp-content\/uploads\/2023\/12\/que-queremos-img.png\" class=\"img-responsive\" alt=\"\"> <\/div>\r\n                            <\/div>\r\n        <\/div>\r\n    <\/section>\r\n    <!-- End About --> \r\n    \t\t\t\t<\/div>\n\t\t\t\t<\/div>\n\t\t\t\t\t<\/div>\n\t\t<\/div>\n\t\t\t\t\t<\/div>\n\t\t<\/section>\n\t\t\t\t<section class=\"elementor-section elementor-top-section elementor-element elementor-element-fdf6a1b elementor-section-full_width elementor-section-height-default elementor-section-height-default\" data-id=\"fdf6a1b\" data-element_type=\"section\" data-e-type=\"section\">\n\t\t\t\t\t\t<div class=\"elementor-container elementor-column-gap-no\">\n\t\t\t\t\t<div class=\"elementor-column elementor-col-100 elementor-top-column elementor-element elementor-element-f272945\" data-id=\"f272945\" data-element_type=\"column\" data-e-type=\"column\">\n\t\t\t<div class=\"elementor-widget-wrap elementor-element-populated\">\n\t\t\t\t\t\t<div class=\"elementor-element elementor-element-636c2dc elementor-widget elementor-widget-image\" data-id=\"636c2dc\" data-element_type=\"widget\" data-e-type=\"widget\" data-widget_type=\"image.default\">\n\t\t\t\t<div class=\"elementor-widget-container\">\n\t\t\t\t\t\t\t\t\t\t\t\t\t\t\t<img fetchpriority=\"high\" decoding=\"async\" width=\"2560\" height=\"704\" src=\"https:\/\/colegionocedal.cl\/alumni\/wp-content\/uploads\/2023\/12\/imagen-larga-scaled.jpg\" class=\"attachment-full size-full wp-image-996\" alt=\"\" srcset=\"https:\/\/colegionocedal.cl\/alumni\/wp-content\/uploads\/2023\/12\/imagen-larga-scaled.jpg 2560w, https:\/\/colegionocedal.cl\/alumni\/wp-content\/uploads\/2023\/12\/imagen-larga-300x82.jpg 300w, https:\/\/colegionocedal.cl\/alumni\/wp-content\/uploads\/2023\/12\/imagen-larga-1024x281.jpg 1024w, https:\/\/colegionocedal.cl\/alumni\/wp-content\/uploads\/2023\/12\/imagen-larga-768x211.jpg 768w, https:\/\/colegionocedal.cl\/alumni\/wp-content\/uploads\/2023\/12\/imagen-larga-1536x422.jpg 1536w, https:\/\/colegionocedal.cl\/alumni\/wp-content\/uploads\/2023\/12\/imagen-larga-2048x563.jpg 2048w\" sizes=\"(max-width: 2560px) 100vw, 2560px\" \/>\t\t\t\t\t\t\t\t\t\t\t\t\t\t\t<\/div>\n\t\t\t\t<\/div>\n\t\t\t\t<div class=\"elementor-element elementor-element-ea1ab47 elementor-widget elementor-widget-spacer\" data-id=\"ea1ab47\" data-element_type=\"widget\" data-e-type=\"widget\" data-widget_type=\"spacer.default\">\n\t\t\t\t<div class=\"elementor-widget-container\">\n\t\t\t\t\t\t\t<div class=\"elementor-spacer\">\n\t\t\t<div class=\"elementor-spacer-inner\"><\/div>\n\t\t<\/div>\n\t\t\t\t\t\t<\/div>\n\t\t\t\t<\/div>\n\t\t\t\t\t<\/div>\n\t\t<\/div>\n\t\t\t\t\t<\/div>\n\t\t<\/section>\n\t\t\t\t<section class=\"elementor-section elementor-top-section elementor-element elementor-element-ffc728a elementor-section-boxed elementor-section-height-default elementor-section-height-default\" data-id=\"ffc728a\" data-element_type=\"section\" data-e-type=\"section\">\n\t\t\t\t\t\t<div class=\"elementor-container elementor-column-gap-default\">\n\t\t\t\t\t<div class=\"elementor-column elementor-col-100 elementor-top-column elementor-element elementor-element-79f4460\" data-id=\"79f4460\" data-element_type=\"column\" data-e-type=\"column\">\n\t\t\t<div class=\"elementor-widget-wrap\">\n\t\t\t\t\t\t\t<\/div>\n\t\t<\/div>\n\t\t\t\t\t<\/div>\n\t\t<\/section>\n\t\t\t\t<\/div>\n\t\t","protected":false},"excerpt":{"rendered":"\u00bfQu\u00e9 queremos? Somos una Asociaci\u00f3n compuesta por exalumnos del Colegio Nocedal. Tenemos como objeto impulsar iniciativas que proyecten y difundan el sello del Establecimiento, entre los exalumnos del Colegio y sus familias. Para esto promovemos condiciones y oportunidades para estrechar lazos de compa\u00f1erismo y buena convivencia entre los asociados. A trav\u00e9s de intereses culturales, deportivos [&hellip;]","protected":false},"author":1,"featured_media":0,"parent":0,"menu_order":0,"comment_status":"closed","ping_status":"closed","template":"page-templates\/home.php","meta":{"footnotes":""},"class_list":["post-991","page","type-page","status-publish","hentry"],"_links":{"self":[{"href":"https:\/\/colegionocedal.cl\/alumni\/wp-json\/wp\/v2\/pages\/991","targetHints":{"allow":["GET"]}}],"collection":[{"href":"https:\/\/colegionocedal.cl\/alumni\/wp-json\/wp\/v2\/pages"}],"about":[{"href":"https:\/\/colegionocedal.cl\/alumni\/wp-json\/wp\/v2\/types\/page"}],"author":[{"embeddable":true,"href":"https:\/\/colegionocedal.cl\/alumni\/wp-json\/wp\/v2\/users\/1"}],"replies":[{"embeddable":true,"href":"https:\/\/colegionocedal.cl\/alumni\/wp-json\/wp\/v2\/comments?post=991"}],"version-history":[{"count":18,"href":"https:\/\/colegionocedal.cl\/alumni\/wp-json\/wp\/v2\/pages\/991\/revisions"}],"predecessor-version":[{"id":1642,"href":"https:\/\/colegionocedal.cl\/alumni\/wp-json\/wp\/v2\/pages\/991\/revisions\/1642"}],"wp:attachment":[{"href":"https:\/\/colegionocedal.cl\/alumni\/wp-json\/wp\/v2\/media?parent=991"}],"curies":[{"name":"wp","href":"https:\/\/api.w.org\/{rel}","templated":true}]}}