{"id":774,"date":"2022-12-06T03:03:12","date_gmt":"2022-12-06T03:03:12","guid":{"rendered":"https:\/\/shtheme.com\/demosd\/edumart\/?page_id=8"},"modified":"2025-06-09T20:57:03","modified_gmt":"2025-06-09T23:57:03","slug":"home","status":"publish","type":"page","link":"https:\/\/colegionocedal.cl\/alumni\/","title":{"rendered":"Home"},"content":{"rendered":"\t\t<div data-elementor-type=\"wp-page\" data-elementor-id=\"774\" class=\"elementor elementor-774\">\n\t\t\t\t\t\t<section class=\"elementor-section elementor-top-section elementor-element elementor-element-06986a1 elementor-section-full_width elementor-section-height-default elementor-section-height-default\" data-id=\"06986a1\" data-element_type=\"section\" data-e-type=\"section\">\n\t\t\t\t\t\t<div class=\"elementor-container elementor-column-gap-no\">\n\t\t\t\t\t<div class=\"elementor-column elementor-col-100 elementor-top-column elementor-element elementor-element-961a728\" data-id=\"961a728\" data-element_type=\"column\" data-e-type=\"column\">\n\t\t\t<div class=\"elementor-widget-wrap elementor-element-populated\">\n\t\t\t\t\t\t<div class=\"elementor-element elementor-element-0f91b33 elementor-align-left elementor-widget elementor-widget-bdevs-slider\" data-id=\"0f91b33\" data-element_type=\"widget\" data-e-type=\"widget\" data-widget_type=\"bdevs-slider.default\">\n\t\t\t\t<div class=\"elementor-widget-container\">\n\t\t\t\t\t    \r\n    <!-- Start Banner Carousel -->\r\n    <div class=\"banner-outer\">\r\n        <div class=\"banner-slider\">\r\n                                    <div class=\"slide1\" style=\"background-image:url(https:\/\/colegionocedal.cl\/alumni\/wp-content\/uploads\/2023\/12\/slide-1-scaled.jpg)\">\r\n                <div class=\"container\">\r\n                    <div class=\"content animated fadeInRight\">\r\n                        <div class=\"fl-right\">\r\n                                                                                                            <\/div>\r\n                    <\/div>\r\n                <\/div>\r\n            <\/div>\r\n                                                <div class=\"slide2\" style=\"background-image:url(https:\/\/colegionocedal.cl\/alumni\/wp-content\/uploads\/2023\/12\/IMG_3994-scaled.jpg)\">\r\n                <div class=\"container\">\r\n                    <div class=\"content\">\r\n                                                                                                                    <\/div>\r\n                <\/div>\r\n            <\/div>\r\n                                                <div class=\"slide3\" style=\"background-image:url(https:\/\/colegionocedal.cl\/alumni\/wp-content\/uploads\/2023\/12\/IMG_4007-1-scaled.jpg)\">\r\n                <div class=\"container\">\r\n                    <div class=\"content animated fadeInLeft\">\r\n                                                                                            <\/div>\r\n                <\/div>\r\n            <\/div>\r\n                                <\/div>\r\n    <\/div>\r\n    <!-- End Banner Carousel --> \r\n    \t\t\t\t<\/div>\n\t\t\t\t<\/div>\n\t\t\t\t\t<\/div>\n\t\t<\/div>\n\t\t\t\t\t<\/div>\n\t\t<\/section>\n\t\t\t\t<section class=\"elementor-section elementor-top-section elementor-element elementor-element-6deab8e elementor-section-full_width elementor-section-height-default elementor-section-height-default\" data-id=\"6deab8e\" data-element_type=\"section\" data-e-type=\"section\">\n\t\t\t\t\t\t<div class=\"elementor-container elementor-column-gap-no\">\n\t\t\t\t\t<div class=\"elementor-column elementor-col-100 elementor-top-column elementor-element elementor-element-abdfc7d\" data-id=\"abdfc7d\" data-element_type=\"column\" data-e-type=\"column\">\n\t\t\t<div class=\"elementor-widget-wrap\">\n\t\t\t\t\t\t\t<\/div>\n\t\t<\/div>\n\t\t\t\t\t<\/div>\n\t\t<\/section>\n\t\t\t\t<section class=\"elementor-section elementor-top-section elementor-element elementor-element-3170f22 elementor-section-full_width elementor-section-height-default elementor-section-height-default\" data-id=\"3170f22\" data-element_type=\"section\" data-e-type=\"section\">\n\t\t\t\t\t\t<div class=\"elementor-container elementor-column-gap-no\">\n\t\t\t\t\t<div class=\"elementor-column elementor-col-100 elementor-top-column elementor-element elementor-element-f0790f3\" data-id=\"f0790f3\" data-element_type=\"column\" data-e-type=\"column\">\n\t\t\t<div class=\"elementor-widget-wrap elementor-element-populated\">\n\t\t\t\t\t\t<div class=\"elementor-element elementor-element-7d12017 elementor-align-left elementor-widget elementor-widget-bdevs-counter\" data-id=\"7d12017\" data-element_type=\"widget\" data-e-type=\"widget\" data-widget_type=\"bdevs-counter.default\">\n\t\t\t\t<div class=\"elementor-widget-container\">\n\t\t\t\t\t \r\n            <!-- Start Why Choose Section -->\r\n    <section class=\"why-choose padding-lg\">\r\n        <style type=\"text\/css\">\r\n            .why-choose:after{\r\n                background: url(https:\/\/colegionocedal.cl\/alumni\/wp-content\/uploads\/2023\/12\/IMG_3895.jpg) no-repeat center center \/ cover;\r\n            }\r\n        <\/style>\r\n        <div class=\"container\">\r\n                        <h2>\r\n                                            <\/h2>\r\n                        <ul class=\"our-strength\">\r\n                                <li>\r\n                                        <div class=\"icon\"><span class=\"icon-certification-icon\"> <\/span><\/div>\r\n                                                                                        <span class=\"counter\">21<\/span>\r\n                                                                                    <div class=\"title\">Generaci\u00f3n de egresados<\/div>\r\n                                    <\/li>\r\n                                <li>\r\n                                        <div class=\"icon\"><span class=\"icon-student-icon\"> <\/span><\/div>\r\n                                                                                        <span class=\"counter\">797<\/span>\r\n                                                                                    <div class=\"title\">Exalumnos<\/div>\r\n                                    <\/li>\r\n                            <\/ul>\r\n        <\/div>\r\n    <\/section>\r\n    <!-- End Why Choose Section --> \r\n        \t\t\t\t<\/div>\n\t\t\t\t<\/div>\n\t\t\t\t\t<\/div>\n\t\t<\/div>\n\t\t\t\t\t<\/div>\n\t\t<\/section>\n\t\t\t\t<section class=\"elementor-section elementor-top-section elementor-element elementor-element-579537e elementor-section-full_width elementor-section-height-default elementor-section-height-default\" data-id=\"579537e\" data-element_type=\"section\" data-e-type=\"section\">\n\t\t\t\t\t\t<div class=\"elementor-container elementor-column-gap-no\">\n\t\t\t\t\t<div class=\"elementor-column elementor-col-100 elementor-top-column elementor-element elementor-element-fc2cf2f\" data-id=\"fc2cf2f\" data-element_type=\"column\" data-e-type=\"column\">\n\t\t\t<div class=\"elementor-widget-wrap elementor-element-populated\">\n\t\t\t\t\t\t<div class=\"elementor-element elementor-element-6f23298 elementor-align-left elementor-widget elementor-widget-bdevs-news-and-events\" data-id=\"6f23298\" data-element_type=\"widget\" data-e-type=\"widget\" data-widget_type=\"bdevs-news-and-events.default\">\n\t\t\t\t<div class=\"elementor-widget-container\">\n\t\t\t\t\t        <!-- Start New & Events Section -->\r\n        <section class=\"news-events padding-lg\">\r\n            <div class=\"container\">\r\n                                <h2>\r\n                                        <span>Conoce nuestras<\/span>\r\n                                        Novedades y Noticias                <\/h2>\r\n                                <ul class=\"row cs-style-3\">\r\n                                        <li class=\"col-sm-4\">\r\n                        <div class=\"inner\">\r\n                            <figure>\r\n                                                                <figcaption>\r\n                                    <div class=\"cnt-block\"> <a href=\"https:\/\/colegionocedal.cl\/alumni\/encuentro-anual-de-delegados-motivados-y-desafiados\/\" class=\"plus-icon\">+<\/a>\r\n                                                                                <a href=\"https:\/\/colegionocedal.cl\/alumni\/encuentro-anual-de-delegados-motivados-y-desafiados\/\"><h3>ENCUENTRO ANUAL DE DELEGADOS: MOTIVADOS Y DESAFIADOS<\/h3><\/a>\r\n                                                                                <div class=\"bottom-block clearfix\">\r\n                                            <div class=\"date\">\r\n                                                <div class=\"icon\"><span class=\"icon-calander-icon\"><\/span><\/div>\r\n                                                <span>02,Jun<\/span> 2025                                            <\/div>\r\n                                            <div class=\"comment\">\r\n                                                <div class=\"icon\"><span class=\"icon-chat-icon\"><\/span><\/div>\r\n                                                0 Comments                                            <\/div>\r\n                                        <\/div>\r\n                                    <\/div>\r\n                                <\/figcaption>\r\n                            <\/figure>\r\n                        <\/div>\r\n                    <\/li>\r\n                                        <li class=\"col-sm-4\">\r\n                        <div class=\"inner\">\r\n                            <figure>\r\n                                                                <figcaption>\r\n                                    <div class=\"cnt-block\"> <a href=\"https:\/\/colegionocedal.cl\/alumni\/proxima-reunion-de-delegados-2025\/\" class=\"plus-icon\">+<\/a>\r\n                                                                                <a href=\"https:\/\/colegionocedal.cl\/alumni\/proxima-reunion-de-delegados-2025\/\"><h3>Pr\u00f3xima Reuni\u00f3n de Delegados 2025<\/h3><\/a>\r\n                                                                                <div class=\"bottom-block clearfix\">\r\n                                            <div class=\"date\">\r\n                                                <div class=\"icon\"><span class=\"icon-calander-icon\"><\/span><\/div>\r\n                                                <span>26,May<\/span> 2025                                            <\/div>\r\n                                            <div class=\"comment\">\r\n                                                <div class=\"icon\"><span class=\"icon-chat-icon\"><\/span><\/div>\r\n                                                0 Comments                                            <\/div>\r\n                                        <\/div>\r\n                                    <\/div>\r\n                                <\/figcaption>\r\n                            <\/figure>\r\n                        <\/div>\r\n                    <\/li>\r\n                                        <li class=\"col-sm-4\">\r\n                        <div class=\"inner\">\r\n                            <figure>\r\n                                                                <figcaption>\r\n                                    <div class=\"cnt-block\"> <a href=\"https:\/\/colegionocedal.cl\/alumni\/notable-encuentro-de-exalumnos-2024\/\" class=\"plus-icon\">+<\/a>\r\n                                                                                <a href=\"https:\/\/colegionocedal.cl\/alumni\/notable-encuentro-de-exalumnos-2024\/\"><h3>Notable Encuentro de Exalumnos 2024<\/h3><\/a>\r\n                                                                                <div class=\"bottom-block clearfix\">\r\n                                            <div class=\"date\">\r\n                                                <div class=\"icon\"><span class=\"icon-calander-icon\"><\/span><\/div>\r\n                                                <span>19,Dic<\/span> 2024                                            <\/div>\r\n                                            <div class=\"comment\">\r\n                                                <div class=\"icon\"><span class=\"icon-chat-icon\"><\/span><\/div>\r\n                                                0 Comments                                            <\/div>\r\n                                        <\/div>\r\n                                    <\/div>\r\n                                <\/figcaption>\r\n                            <\/figure>\r\n                        <\/div>\r\n                    <\/li>\r\n                                    <\/ul>\r\n                                <div class=\"know-more-wrapper\"> \r\n                    <a href=\"https:\/\/colegionocedal.cl\/alumni\/news\/\" class=\"know-more\">M\u00e1s Noticias <span class=\"icon-more-icon\"><\/span><\/a> \r\n                <\/div>\r\n                            <\/div>\r\n        <\/section>\r\n        <!-- End New & Events Section --> \r\n    \t\t\t\t<\/div>\n\t\t\t\t<\/div>\n\t\t\t\t<div class=\"elementor-element elementor-element-52ee4f2 elementor-align-left elementor-widget elementor-widget-bdevs-about\" data-id=\"52ee4f2\" data-element_type=\"widget\" data-e-type=\"widget\" data-widget_type=\"bdevs-about.default\">\n\t\t\t\t<div class=\"elementor-widget-container\">\n\t\t\t\t\t    <!-- Start About Section -->\r\n    <section class=\"about\" style=\"background-image:url()\">\r\n        <div class=\"container\">\r\n            <ul class=\"row our-links\">\r\n                                <li class=\"col-sm-4 apply-online clearfix equal-hight\">\r\n                    <div class=\"icon\"><img decoding=\"async\" src=\"https:\/\/shtheme.com\/demosd\/edumart\/wp-content\/uploads\/2022\/12\/apply-online-ico.png\" class=\"img-responsive\" alt=\"\"><\/div>\r\n                    <div class=\"detail\">\r\n                                                <h3>S\u00famate hoy<\/h3>\r\n                                                                        <p>Inscr\u00edbete, renueva tus datos o \u00fanete a nuestras redes sociales<\/p>\r\n                                                                        <a href=\"https:\/\/colegionocedal.cl\/alumni\/sumate\/\" class=\"more\"><i class=\"fa fa-angle-right\" aria-hidden=\"true\"><\/i><\/a>\r\n                         \r\n                    <\/div>\r\n                <\/li>\r\n                                <li class=\"col-sm-4 prospects clearfix equal-hight\">\r\n                    <div class=\"icon\"><img decoding=\"async\" src=\"https:\/\/shtheme.com\/demosd\/edumart\/wp-content\/uploads\/2022\/12\/prospects-ico.png\" class=\"img-responsive\" alt=\"\"><\/div>\r\n                    <div class=\"detail\">\r\n                                                <h3><span>Socios<\/span>Beneficios<\/h3>\r\n                                                                        <p>(Pr\u00f3ximamente)<\/p>\r\n                                                                        <a href=\"#\" class=\"more\"><i class=\"fa fa-angle-right\" aria-hidden=\"true\"><\/i><\/a>\r\n                         \r\n                    <\/div>\r\n                <\/li>\r\n                                <li class=\"col-sm-4 certification clearfix equal-hight\">\r\n                    <div class=\"icon\"><img decoding=\"async\" src=\"https:\/\/shtheme.com\/demosd\/edumart\/wp-content\/uploads\/2022\/12\/certification-ico.png\" class=\"img-responsive\" alt=\"\"><\/div>\r\n                    <div class=\"detail\">\r\n                                                <h3>Emprendimientos<\/h3>\r\n                                                                        <p>Ya contamos con los primeros emprendimientos! Vis\u00edtanos...<\/p>\r\n                                                                        <a href=\"https:\/\/colegionocedal.cl\/alumni\/emprendimientos\/\" class=\"more\"><i class=\"fa fa-angle-right\" aria-hidden=\"true\"><\/i><\/a>\r\n                         \r\n                    <\/div>\r\n                <\/li>\r\n                            <\/ul>\r\n        <\/div>\r\n        <div class=\"container\">\r\n            <div class=\"row\">\r\n                <div class=\"col-sm-7 col-sm-push-5 left-block\"> \r\n                                        <span class=\"sm-head\">Reuni\u00f3n exalumnos 2023<\/span>\r\n                                                            <h2>Colegio Nocedal<\/h2>\r\n                                                            <p>\u00a1Encuentro Anual en el Colegio Nocedal! \ud83c\udf1f M\u00e1s de 120 exalumnos y 15 profesores, se reunieron el s\u00e1bado 25 de noviembre para un d\u00eda lleno de nostalgia y alegr\u00eda.\n\nLa jornada inici\u00f3 con un vistazo a la nueva p\u00e1gina web de la agrupaci\u00f3n de egresados. Momentos emotivos incluyeron el recuerdo de exalumnos fallecidos con una especial bendici\u00f3n del padre Pablo Siu.\n\n\ud83d\udc99\ud83e\udd1d La familia Nocedal sigue creciendo, conectando generaciones y compartiendo el amor por el colegio.\n\n\u00a1Gracias a todos por hacer de este encuentro un momento tan especial!<\/p>\r\n                                                        <\/div>\r\n                <div class=\"col-sm-5 col-sm-pull-7\">\r\n                    <div class=\"video-block\">\r\n                        <div id=\"thumbnail_container\"> <img decoding=\"async\" src=\"https:\/\/colegionocedal.cl\/alumni\/wp-content\/uploads\/2023\/12\/portada-video.jpg\" id=\"thumbnail\" class=\"img-responsive\" alt=\"\"> <\/div>\r\n                        <a href=\"#\" data-toggle=\"modal\" data-target=\"#myModal\" class=\"start-video\"><img decoding=\"async\" src=\"https:\/\/shtheme.com\/demosd\/edumart\/wp-content\/uploads\/2022\/12\/play-btn.png\" alt=\"\"><\/a> \r\n                        <!-- Modal -->\r\n                        <div class=\"modal fade\" id=\"myModal\" tabindex=\"-1\" role=\"dialog\">\r\n                            <div class=\"modal-dialog\" role=\"document\">\r\n                                <div class=\"modal-content\">\r\n                                    <button type=\"button\" class=\"close\" data-dismiss=\"modal\" aria-label=\"Close\"><span aria-hidden=\"true\">&times;<\/span><\/button>\r\n                                    <div class=\"modal-body\">\r\n                                        <div class=\"video-block\">\r\n                                            <iframe width=\"560\" height=\"315\" src=\"https:\/\/www.youtube.com\/embed\/tdswIuueEa8?si=a9GeCFvyUxXd0jl8\" allowfullscreen><\/iframe>\r\n                                        <\/div>\r\n                                    <\/div>\r\n                                <\/div>\r\n                            <\/div>\r\n                        <\/div>\r\n                    <\/div>\r\n                <\/div>\r\n            <\/div>\r\n        <\/div>\r\n    <\/section>\r\n    <!-- End About Section --> \r\n    \t\t\t\t<\/div>\n\t\t\t\t<\/div>\n\t\t\t\t\t<\/div>\n\t\t<\/div>\n\t\t\t\t\t<\/div>\n\t\t<\/section>\n\t\t\t\t<section class=\"elementor-section elementor-top-section elementor-element elementor-element-3aea9d4 elementor-section-full_width elementor-section-height-default elementor-section-height-default\" data-id=\"3aea9d4\" data-element_type=\"section\" data-e-type=\"section\">\n\t\t\t\t\t\t<div class=\"elementor-container elementor-column-gap-no\">\n\t\t\t\t\t<div class=\"elementor-column elementor-col-100 elementor-top-column elementor-element elementor-element-5994971\" data-id=\"5994971\" data-element_type=\"column\" data-e-type=\"column\">\n\t\t\t<div class=\"elementor-widget-wrap elementor-element-populated\">\n\t\t\t\t\t\t<div class=\"elementor-element elementor-element-b36e6da elementor-align-left elementor-widget elementor-widget-bdevs-gallery\" data-id=\"b36e6da\" data-element_type=\"widget\" data-e-type=\"widget\" data-widget_type=\"bdevs-gallery.default\">\n\t\t\t\t<div class=\"elementor-widget-container\">\n\t\t\t\t\t                        <!-- Start Campus Tour Section -->\r\n        <section class=\"campus-tour padding-lg\">\r\n            <div class=\"container\">\r\n                                <h2>\r\n                                        <span>Galer\u00eda<\/span>\r\n                                        de fotos \r\n                <\/h2>\r\n                            <\/div>\r\n            <ul class=\"gallery clearfix\">\r\n                                <li>\r\n                    <div class=\"overlay\">\r\n                                                                        <a class=\"galleryItem\" href=\"https:\/\/colegionocedal.cl\/alumni\/wp-content\/uploads\/2023\/12\/IMG_3896.jpg\"><span class=\"icon-enlarge-icon\"><\/span><\/a> \r\n                                                <a href=\"#\" class=\"more\"><span class=\"icon-gallery-more-arrow\"><\/span><\/a> \r\n                                            <\/div>\r\n                    <figure><img decoding=\"async\" src=\"https:\/\/colegionocedal.cl\/alumni\/wp-content\/uploads\/2023\/12\/IMG_3896.jpg\" class=\"img-responsive\" alt=\"\"><\/figure>\r\n                <\/li>\r\n                                <li>\r\n                    <div class=\"overlay\">\r\n                                                                        <a class=\"galleryItem\" href=\"https:\/\/colegionocedal.cl\/alumni\/wp-content\/uploads\/2023\/12\/IMG_3906-1.jpg\"><span class=\"icon-enlarge-icon\"><\/span><\/a> \r\n                                                <a href=\"#\" class=\"more\"><span class=\"icon-gallery-more-arrow\"><\/span><\/a> \r\n                                            <\/div>\r\n                    <figure><img decoding=\"async\" src=\"https:\/\/colegionocedal.cl\/alumni\/wp-content\/uploads\/2023\/12\/IMG_3906-1.jpg\" class=\"img-responsive\" alt=\"\"><\/figure>\r\n                <\/li>\r\n                                <li>\r\n                    <div class=\"overlay\">\r\n                                                                        <a class=\"galleryItem\" href=\"https:\/\/colegionocedal.cl\/alumni\/wp-content\/uploads\/2023\/12\/IMG_3919.jpg\"><span class=\"icon-enlarge-icon\"><\/span><\/a> \r\n                                                <a href=\"#\" class=\"more\"><span class=\"icon-gallery-more-arrow\"><\/span><\/a> \r\n                                            <\/div>\r\n                    <figure><img decoding=\"async\" src=\"https:\/\/colegionocedal.cl\/alumni\/wp-content\/uploads\/2023\/12\/IMG_3919.jpg\" class=\"img-responsive\" alt=\"\"><\/figure>\r\n                <\/li>\r\n                                <li>\r\n                    <div class=\"overlay\">\r\n                                                                        <a class=\"galleryItem\" href=\"https:\/\/colegionocedal.cl\/alumni\/wp-content\/uploads\/2023\/12\/IMG_3940.jpg\"><span class=\"icon-enlarge-icon\"><\/span><\/a> \r\n                                                <a href=\"#\" class=\"more\"><span class=\"icon-gallery-more-arrow\"><\/span><\/a> \r\n                                            <\/div>\r\n                    <figure><img decoding=\"async\" src=\"https:\/\/colegionocedal.cl\/alumni\/wp-content\/uploads\/2023\/12\/IMG_3940.jpg\" class=\"img-responsive\" alt=\"\"><\/figure>\r\n                <\/li>\r\n                                <li>\r\n                    <div class=\"overlay\">\r\n                                                                        <a class=\"galleryItem\" href=\"https:\/\/colegionocedal.cl\/alumni\/wp-content\/uploads\/2023\/12\/IMG_3948-1.jpg\"><span class=\"icon-enlarge-icon\"><\/span><\/a> \r\n                                                <a href=\"#\" class=\"more\"><span class=\"icon-gallery-more-arrow\"><\/span><\/a> \r\n                                            <\/div>\r\n                    <figure><img decoding=\"async\" src=\"https:\/\/colegionocedal.cl\/alumni\/wp-content\/uploads\/2023\/12\/IMG_3948-1.jpg\" class=\"img-responsive\" alt=\"\"><\/figure>\r\n                <\/li>\r\n                                <li>\r\n                    <div class=\"overlay\">\r\n                                                                        <a class=\"galleryItem\" href=\"https:\/\/colegionocedal.cl\/alumni\/wp-content\/uploads\/2023\/12\/IMG_3956-1.jpg\"><span class=\"icon-enlarge-icon\"><\/span><\/a> \r\n                                                <a href=\"#\" class=\"more\"><span class=\"icon-gallery-more-arrow\"><\/span><\/a> \r\n                                            <\/div>\r\n                    <figure><img decoding=\"async\" src=\"https:\/\/colegionocedal.cl\/alumni\/wp-content\/uploads\/2023\/12\/IMG_3956-1.jpg\" class=\"img-responsive\" alt=\"\"><\/figure>\r\n                <\/li>\r\n                                <li>\r\n                    <div class=\"overlay\">\r\n                                                                        <a class=\"galleryItem\" href=\"https:\/\/colegionocedal.cl\/alumni\/wp-content\/uploads\/2023\/12\/IMG_3960-1.jpg\"><span class=\"icon-enlarge-icon\"><\/span><\/a> \r\n                                                <a href=\"#\" class=\"more\"><span class=\"icon-gallery-more-arrow\"><\/span><\/a> \r\n                                            <\/div>\r\n                    <figure><img decoding=\"async\" src=\"https:\/\/colegionocedal.cl\/alumni\/wp-content\/uploads\/2023\/12\/IMG_3960-1.jpg\" class=\"img-responsive\" alt=\"\"><\/figure>\r\n                <\/li>\r\n                                <li>\r\n                    <div class=\"overlay\">\r\n                                                                        <a class=\"galleryItem\" href=\"https:\/\/colegionocedal.cl\/alumni\/wp-content\/uploads\/2023\/12\/IMG_3961-1.jpg\"><span class=\"icon-enlarge-icon\"><\/span><\/a> \r\n                                                <a href=\"#\" class=\"more\"><span class=\"icon-gallery-more-arrow\"><\/span><\/a> \r\n                                            <\/div>\r\n                    <figure><img decoding=\"async\" src=\"https:\/\/colegionocedal.cl\/alumni\/wp-content\/uploads\/2023\/12\/IMG_3961-1.jpg\" class=\"img-responsive\" alt=\"\"><\/figure>\r\n                <\/li>\r\n                                <li>\r\n                    <div class=\"overlay\">\r\n                                                                        <a class=\"galleryItem\" href=\"https:\/\/colegionocedal.cl\/alumni\/wp-content\/uploads\/2023\/12\/IMG_3973.jpg\"><span class=\"icon-enlarge-icon\"><\/span><\/a> \r\n                                                <a href=\"#\" class=\"more\"><span class=\"icon-gallery-more-arrow\"><\/span><\/a> \r\n                                            <\/div>\r\n                    <figure><img decoding=\"async\" src=\"https:\/\/colegionocedal.cl\/alumni\/wp-content\/uploads\/2023\/12\/IMG_3973.jpg\" class=\"img-responsive\" alt=\"\"><\/figure>\r\n                <\/li>\r\n                                <li>\r\n                    <div class=\"overlay\">\r\n                                                                        <a class=\"galleryItem\" href=\"https:\/\/colegionocedal.cl\/alumni\/wp-content\/uploads\/2023\/12\/IMG_3991.jpg\"><span class=\"icon-enlarge-icon\"><\/span><\/a> \r\n                                                <a href=\"#\" class=\"more\"><span class=\"icon-gallery-more-arrow\"><\/span><\/a> \r\n                                            <\/div>\r\n                    <figure><img decoding=\"async\" src=\"https:\/\/colegionocedal.cl\/alumni\/wp-content\/uploads\/2023\/12\/IMG_3991.jpg\" class=\"img-responsive\" alt=\"\"><\/figure>\r\n                <\/li>\r\n                                <li>\r\n                    <div class=\"overlay\">\r\n                                                                        <a class=\"galleryItem\" href=\"https:\/\/colegionocedal.cl\/alumni\/wp-content\/uploads\/2023\/12\/IMG_4007.jpg\"><span class=\"icon-enlarge-icon\"><\/span><\/a> \r\n                                                <a href=\"#\" class=\"more\"><span class=\"icon-gallery-more-arrow\"><\/span><\/a> \r\n                                            <\/div>\r\n                    <figure><img decoding=\"async\" src=\"https:\/\/colegionocedal.cl\/alumni\/wp-content\/uploads\/2023\/12\/IMG_4007.jpg\" class=\"img-responsive\" alt=\"\"><\/figure>\r\n                <\/li>\r\n                                <li>\r\n                    <div class=\"overlay\">\r\n                                                                        <a class=\"galleryItem\" href=\"https:\/\/colegionocedal.cl\/alumni\/wp-content\/uploads\/2023\/12\/IMG_4014.jpg\"><span class=\"icon-enlarge-icon\"><\/span><\/a> \r\n                                                <a href=\"#\" class=\"more\"><span class=\"icon-gallery-more-arrow\"><\/span><\/a> \r\n                                            <\/div>\r\n                    <figure><img decoding=\"async\" src=\"https:\/\/colegionocedal.cl\/alumni\/wp-content\/uploads\/2023\/12\/IMG_4014.jpg\" class=\"img-responsive\" alt=\"\"><\/figure>\r\n                <\/li>\r\n                                <li>\r\n                    <div class=\"overlay\">\r\n                                                                        <a class=\"galleryItem\" href=\"https:\/\/colegionocedal.cl\/alumni\/wp-content\/uploads\/2023\/12\/IMG_4030.jpg\"><span class=\"icon-enlarge-icon\"><\/span><\/a> \r\n                                                <a href=\"#\" class=\"more\"><span class=\"icon-gallery-more-arrow\"><\/span><\/a> \r\n                                            <\/div>\r\n                    <figure><img decoding=\"async\" src=\"https:\/\/colegionocedal.cl\/alumni\/wp-content\/uploads\/2023\/12\/IMG_4030.jpg\" class=\"img-responsive\" alt=\"\"><\/figure>\r\n                <\/li>\r\n                                <li>\r\n                    <div class=\"overlay\">\r\n                                                                        <a class=\"galleryItem\" href=\"https:\/\/colegionocedal.cl\/alumni\/wp-content\/uploads\/2023\/12\/IMG_4038.jpg\"><span class=\"icon-enlarge-icon\"><\/span><\/a> \r\n                                                <a href=\"#\" class=\"more\"><span class=\"icon-gallery-more-arrow\"><\/span><\/a> \r\n                                            <\/div>\r\n                    <figure><img decoding=\"async\" src=\"https:\/\/colegionocedal.cl\/alumni\/wp-content\/uploads\/2023\/12\/IMG_4038.jpg\" class=\"img-responsive\" alt=\"\"><\/figure>\r\n                <\/li>\r\n                                <li>\r\n                    <div class=\"overlay\">\r\n                                                                        <a class=\"galleryItem\" href=\"https:\/\/colegionocedal.cl\/alumni\/wp-content\/uploads\/2023\/12\/IMG_4090-1.jpg\"><span class=\"icon-enlarge-icon\"><\/span><\/a> \r\n                                                <a href=\"#\" class=\"more\"><span class=\"icon-gallery-more-arrow\"><\/span><\/a> \r\n                                            <\/div>\r\n                    <figure><img decoding=\"async\" src=\"https:\/\/colegionocedal.cl\/alumni\/wp-content\/uploads\/2023\/12\/IMG_4090-1.jpg\" class=\"img-responsive\" alt=\"\"><\/figure>\r\n                <\/li>\r\n                            <\/ul>\r\n        <\/section>\r\n        <!-- End Campus Tour Section -->     \r\n           \r\n    \t\t\t\t<\/div>\n\t\t\t\t<\/div>\n\t\t\t\t\t<\/div>\n\t\t<\/div>\n\t\t\t\t\t<\/div>\n\t\t<\/section>\n\t\t\t\t<section class=\"elementor-section elementor-top-section elementor-element elementor-element-d14897a elementor-section-boxed elementor-section-height-default elementor-section-height-default\" data-id=\"d14897a\" data-element_type=\"section\" data-e-type=\"section\">\n\t\t\t\t\t\t<div class=\"elementor-container elementor-column-gap-default\">\n\t\t\t\t\t<div class=\"elementor-column elementor-col-100 elementor-top-column elementor-element elementor-element-d28065d\" data-id=\"d28065d\" data-element_type=\"column\" data-e-type=\"column\">\n\t\t\t<div class=\"elementor-widget-wrap elementor-element-populated\">\n\t\t\t\t\t\t<div class=\"elementor-element elementor-element-e14823f elementor-view-default elementor-widget elementor-widget-icon\" data-id=\"e14823f\" data-element_type=\"widget\" data-e-type=\"widget\" data-widget_type=\"icon.default\">\n\t\t\t\t<div class=\"elementor-widget-container\">\n\t\t\t\t\t\t\t<div class=\"elementor-icon-wrapper\">\n\t\t\t<div class=\"elementor-icon\">\n\t\t\t<i aria-hidden=\"true\" class=\"fas fa-star\"><\/i>\t\t\t<\/div>\n\t\t<\/div>\n\t\t\t\t\t\t<\/div>\n\t\t\t\t<\/div>\n\t\t\t\t\t<\/div>\n\t\t<\/div>\n\t\t\t\t\t<\/div>\n\t\t<\/section>\n\t\t\t\t<\/div>\n\t\t","protected":false},"excerpt":{"rendered":"21 Generaci\u00f3n de egresados 797 Exalumnos Conoce nuestras Novedades y Noticias + ENCUENTRO ANUAL DE DELEGADOS: MOTIVADOS Y DESAFIADOS 02,Jun 2025 0 Comments + Pr\u00f3xima Reuni\u00f3n de Delegados 2025 26,May 2025 0 Comments + Notable Encuentro de Exalumnos 2024 19,Dic 2024 0 Comments M\u00e1s Noticias S\u00famate hoy Inscr\u00edbete, renueva tus datos o \u00fanete a nuestras [&hellip;]","protected":false},"author":1,"featured_media":0,"parent":0,"menu_order":0,"comment_status":"closed","ping_status":"closed","template":"page-templates\/home.php","meta":{"footnotes":""},"class_list":["post-774","page","type-page","status-publish","hentry"],"_links":{"self":[{"href":"https:\/\/colegionocedal.cl\/alumni\/wp-json\/wp\/v2\/pages\/774","targetHints":{"allow":["GET"]}}],"collection":[{"href":"https:\/\/colegionocedal.cl\/alumni\/wp-json\/wp\/v2\/pages"}],"about":[{"href":"https:\/\/colegionocedal.cl\/alumni\/wp-json\/wp\/v2\/types\/page"}],"author":[{"embeddable":true,"href":"https:\/\/colegionocedal.cl\/alumni\/wp-json\/wp\/v2\/users\/1"}],"replies":[{"embeddable":true,"href":"https:\/\/colegionocedal.cl\/alumni\/wp-json\/wp\/v2\/comments?post=774"}],"version-history":[{"count":108,"href":"https:\/\/colegionocedal.cl\/alumni\/wp-json\/wp\/v2\/pages\/774\/revisions"}],"predecessor-version":[{"id":1696,"href":"https:\/\/colegionocedal.cl\/alumni\/wp-json\/wp\/v2\/pages\/774\/revisions\/1696"}],"wp:attachment":[{"href":"https:\/\/colegionocedal.cl\/alumni\/wp-json\/wp\/v2\/media?parent=774"}],"curies":[{"name":"wp","href":"https:\/\/api.w.org\/{rel}","templated":true}]}}